{"id":717,"date":"2021-05-28T14:18:00","date_gmt":"2021-05-28T12:18:00","guid":{"rendered":"https:\/\/www.drmeunier.be\/?page_id=717"},"modified":"2024-11-16T16:05:49","modified_gmt":"2024-11-16T15:05:49","slug":"antonella-boschi","status":"publish","type":"page","link":"https:\/\/www.drmeunier.be\/fr\/equipe\/antonella-boschi\/","title":{"rendered":"Professeur Antonella Boschi vous re\u00e7oit dans le cabinet priv\u00e9 du Dr Meunier"},"content":{"rendered":"<div class=\"wpb-content-wrapper\"><p>[vc_row heading_color=\u00a0\u00bbprimary-1&Prime; padding_top_multiplier=\u00a0\u00bb3x\u00a0\u00bb padding_bottom_multiplier=\u00a0\u00bb3x\u00a0\u00bb][vc_column width=\u00a0\u00bb1\/2&Prime; tablet_sm_text_align=\u00a0\u00bbcenter\u00a0\u00bb mobile_text_align=\u00a0\u00bbcenter\u00a0\u00bb]<h3 class=\"grve-element grve-title grve-align-right grve-h5\" style=\"\"><span><a class=\"grve-text-primary-2\" href=\"https:\/\/www.drmeunier.be\/fr\/ophtalmo-genetique\/\"><span class=\"grve-text-primary-1\">01.<\/span> Neuro-ophtalmologie<\/a><\/span><\/h3><h3 class=\"grve-element grve-title grve-align-right grve-h5\" style=\"\"><span><a class=\"grve-text-primary-2\"><span class=\"grve-text-primary-1\">02.<\/span> Pathologies orbitaires<\/a><\/span><\/h3>[\/vc_column][vc_column width=\u00a0\u00bb1\/2&Prime;][\/vc_column][vc_column]<div class=\"grve-empty-space grve-height-1x\" style=\"\"><\/div>[\/vc_column][vc_column tablet_sm_text_align=\u00a0\u00bbcenter\u00a0\u00bb mobile_text_align=\u00a0\u00bbcenter\u00a0\u00bb z_index=\u00a0\u00bb10&Prime;]<h2 class=\"grve-element grve-title grve-align-center grve-h3 grve-increase-heading grve-heading-200\" style=\"\"><span>Antonella Boschi<span class=\"grve-title-line grve-bg-primary-1\" style=\"width: 50px;height: 2px;\"><\/span><\/span><\/h2>[\/vc_column][vc_column]<div class=\"grve-empty-space grve-height-1x\" style=\"\"><\/div>[\/vc_column][vc_column width=\u00a0\u00bb1\/4&Prime; tablet_sm_width=\u00a0\u00bbhide\u00a0\u00bb mobile_width=\u00a0\u00bbhide\u00a0\u00bb][\/vc_column][vc_column width=\u00a0\u00bb1\/4&Prime; tablet_sm_width=\u00a0\u00bb1-2&Prime; tablet_sm_text_align=\u00a0\u00bbcenter\u00a0\u00bb mobile_text_align=\u00a0\u00bbcenter\u00a0\u00bb][vc_column_text css=\u00a0\u00bb\u00a0\u00bb]<\/p>\n<p style=\"text-align: right;\">Le professeur Antonella Boschi est professeur \u00e9m\u00e9rite aux clinique universitaires Saint-Luc, chef de clinique et ancienne chef de service. Elle est sp\u00e9cialis\u00e9e en neuro-ophtalmologie et en pathologies orbitaires notamment dans les dysfonction thyro\u00efdiennes telle que la maladie de Basedow, diplopie, ptosis,&#8230;<\/p>\n<p>[\/vc_column_text]<div class=\"grve-empty-space grve-height-1x\" style=\"\"><\/div><div class=\"grve-element grve-align-right\"><a href=\"https:\/\/progenda.be\/calendars\/docteur-boschi-antonella-neuro-ophtalmologie-strabisme-glaucome-enfants-oisquercq\" target=\"_blank\" rel=\"noopener noreferrer\" class=\"grve-btn grve-btn-medium grve-square grve-bg-primary-1 grve-bg-hover-primary-2\"><span>Prendre rendez-vous<\/span><\/a><\/div>[\/vc_column][vc_column column_effect=\u00a0\u00bbvertical-parallax\u00a0\u00bb column_effect_limit=\u00a0\u00bbnone\u00a0\u00bb width=\u00a0\u00bb1\/4&Prime; tablet_sm_width=\u00a0\u00bb1-2&Prime; css=\u00a0\u00bb.vc_custom_1606387214291{padding-top: 50px !important;}\u00a0\u00bb]<div class=\"grve-element grve-image grve-align-center\" style=\"\">  <div class=\"grve-image-wrapper\"><img decoding=\"async\" width=\"500\" height=\"602\" src=\"https:\/\/www.drmeunier.be\/wp-content\/uploads\/2024\/11\/A.-Boschi.jpg\" class=\"attachment-movedo-grve-small-rect-vertical size-movedo-grve-small-rect-vertical\" alt=\"Professeur Antonella Boschi\" srcset=\"https:\/\/www.drmeunier.be\/wp-content\/uploads\/2024\/11\/A.-Boschi.jpg 500w, https:\/\/www.drmeunier.be\/wp-content\/uploads\/2024\/11\/A.-Boschi-249x300.jpg 249w\" sizes=\"(max-width: 500px) 100vw, 500px\" \/>   <\/div><\/div>[\/vc_column][vc_column width=\u00a0\u00bb1\/4&Prime; tablet_sm_width=\u00a0\u00bbhide\u00a0\u00bb mobile_width=\u00a0\u00bbhide\u00a0\u00bb][\/vc_column][\/vc_row][vc_row heading_color=\u00a0\u00bbprimary-2&Prime; padding_bottom_multiplier=\u00a0\u00bb2x\u00a0\u00bb][vc_column width=\u00a0\u00bb1\/3&Prime;]<h2 class=\"grve-element grve-title grve-align-left grve-animated-item grve-duration-normal grve-fade-in grve-h2\" style=\"\" data-delay=\"200\"><span>Son parcours<\/span><\/h2>[\/vc_column][vc_column width=\u00a0\u00bb2\/3&Prime;][vc_column_text css=\u00a0\u00bb\u00a0\u00bb text_style=\u00a0\u00bbleader-text\u00a0\u00bb animation=\u00a0\u00bbgrve-fade-in-up\u00a0\u00bb animation_delay=\u00a0\u00bb220&Prime;]Le professeur Antonella Boschi est ophtalmologue sp\u00e9cialis\u00e9e en neuro-ophtalmologie et en pathologies orbitaires notamment dans les dysfonction thyro\u00efdiennes telle que la maladie de Basedow.<\/p>\n<p>Apr\u00e8s sa sp\u00e9cialisation en ophtalmologie aux cliniques Universitaires Saint-Luc, elle d\u00e9cide de d\u00e9velopper son expertise en neuro-ophtalmologie et part en 1989 faire un fellowship \u00e0 Miami aux USA. A son retour en Belgique, elle cr\u00e9e le d\u00e9partement de neuro-ophtalmologie aux cliniques Universitaires Saint-Luc et forme les plus jeunes ophtalmologues.<\/p>\n<p>Brillante chirurgienne, clinicienne d\u2019exception, son expertise et son implication dans le domaine de la neuro-ophtalmologie et des pathologies de l\u2019orbite lui conf\u00e8rent rapidement une reconnaissance internationale.<\/p>\n<p>Le professeur Boschi collabore \u00e9galement \u00e0 la prise en charge multidisciplinaire des patients dans les Centre de malformations vasculaires cong\u00e9nitales et des maladies neuro-cutan\u00e9es cong\u00e9nitales.<\/p>\n<p>En 2021, elle devient la chef de service de l&rsquo;ophtalmologie aux cliniques universitaires Saint-Luc et re\u00e7oit le titre de professeur \u00e9m\u00e9rite en 2024.[\/vc_column_text][\/vc_column][\/vc_row][vc_row heading_color=\u00a0\u00bbprimary-2&Prime; padding_top_multiplier=\u00a0\u00bb\u00a0\u00bb padding_bottom_multiplier=\u00a0\u00bb2x\u00a0\u00bb][vc_column width=\u00a0\u00bb1\/3&Prime;]<h2 class=\"grve-element grve-title grve-align-left grve-animated-item grve-duration-normal grve-fade-in grve-h2\" style=\"\" data-delay=\"200\"><span>Fi\u00e8rement membre<\/span><\/h2>[\/vc_column][vc_column width=\u00a0\u00bb2\/3&Prime;][vc_column_text css=\u00a0\u00bb\u00a0\u00bb text_style=\u00a0\u00bbleader-text\u00a0\u00bb animation=\u00a0\u00bbgrve-fade-in-up\u00a0\u00bb animation_delay=\u00a0\u00bb220&Prime;]Dans une d\u00e9marche constante d\u2019am\u00e9liorer les connaissances et les traitements des pathologies neuro-ophtalmologiques, elle participe activement en tant que membre de diff\u00e9rentes soci\u00e9t\u00e9s scientifiques telles que la soci\u00e9t\u00e9 Europ\u00e9enne de neuro-ophtalmologie (EUNOS) et la \u00ab\u00a0North american Neuro-ophthalmology society\u00a0\u00bb (NANOS) mais aussi en tant que membre du conseil d\u2019administration de la soci\u00e9t\u00e9 d\u2019ophtalmologie belge (SBO) et en tant que pr\u00e9sidente du club de neuro-ophtalmologie Belge dont elle est la fondatrice.[\/vc_column_text][\/vc_column][\/vc_row][vc_row padding_top_multiplier=\u00a0\u00bb\u00a0\u00bb padding_bottom_multiplier=\u00a0\u00bb3x\u00a0\u00bb][vc_column]<div class=\"grve-element grve-divider\" style=\"padding-bottom: 60px;\"><div class=\"grve-line-divider grve-border\"><\/div><\/div><blockquote class=\"grve-element grve-animated-item grve-fade-in-up grve-duration-normal grve-align-center\" style=\"\" data-delay=\"200\"><p>C&rsquo;est donc un honneur d&rsquo;accueillir le professeur Boschi au sein du cabinet.<\/p><\/blockquote>[\/vc_column][\/vc_row]<\/p>\n<\/div>","protected":false},"excerpt":{"rendered":"<p>[vc_row heading_color=\u00a0\u00bbprimary-1&Prime; padding_top_multiplier=\u00a0\u00bb3x\u00a0\u00bb padding_bottom_multiplier=\u00a0\u00bb3x\u00a0\u00bb][vc_column width=\u00a0\u00bb1\/2&Prime; tablet_sm_text_align=\u00a0\u00bbcenter\u00a0\u00bb mobile_text_align=\u00a0\u00bbcenter\u00a0\u00bb][\/vc_column][vc_column width=\u00a0\u00bb1\/2&Prime;][\/vc_column][vc_column][\/vc_column][vc_column tablet_sm_text_align=\u00a0\u00bbcenter\u00a0\u00bb mobile_text_align=\u00a0\u00bbcenter\u00a0\u00bb z_index=\u00a0\u00bb10&Prime;][\/vc_column][vc_column][\/vc_column][vc_column width=\u00a0\u00bb1\/4&Prime; tablet_sm_width=\u00a0\u00bbhide\u00a0\u00bb mobile_width=\u00a0\u00bbhide\u00a0\u00bb][\/vc_column][vc_column width=\u00a0\u00bb1\/4&Prime; tablet_sm_width=\u00a0\u00bb1-2&Prime; tablet_sm_text_align=\u00a0\u00bbcenter\u00a0\u00bb mobile_text_align=\u00a0\u00bbcenter\u00a0\u00bb][vc_column_text css=\u00a0\u00bb\u00a0\u00bb] Le professeur Antonella Boschi est professeur \u00e9m\u00e9rite aux clinique universitaires Saint-Luc, chef de clinique et ancienne chef de service. Elle est sp\u00e9cialis\u00e9e en neuro-ophtalmologie et en pathologies orbitaires notamment dans les dysfonction thyro\u00efdiennes telle que la [&hellip;]<\/p>\n","protected":false},"author":1,"featured_media":0,"parent":616,"menu_order":0,"comment_status":"closed","ping_status":"closed","template":"","meta":{"inline_featured_image":false,"footnotes":""},"class_list":["post-717","page","type-page","status-publish","hentry"],"_links":{"self":[{"href":"https:\/\/www.drmeunier.be\/fr\/wp-json\/wp\/v2\/pages\/717","targetHints":{"allow":["GET"]}}],"collection":[{"href":"https:\/\/www.drmeunier.be\/fr\/wp-json\/wp\/v2\/pages"}],"about":[{"href":"https:\/\/www.drmeunier.be\/fr\/wp-json\/wp\/v2\/types\/page"}],"author":[{"embeddable":true,"href":"https:\/\/www.drmeunier.be\/fr\/wp-json\/wp\/v2\/users\/1"}],"replies":[{"embeddable":true,"href":"https:\/\/www.drmeunier.be\/fr\/wp-json\/wp\/v2\/comments?post=717"}],"version-history":[{"count":10,"href":"https:\/\/www.drmeunier.be\/fr\/wp-json\/wp\/v2\/pages\/717\/revisions"}],"predecessor-version":[{"id":806,"href":"https:\/\/www.drmeunier.be\/fr\/wp-json\/wp\/v2\/pages\/717\/revisions\/806"}],"up":[{"embeddable":true,"href":"https:\/\/www.drmeunier.be\/fr\/wp-json\/wp\/v2\/pages\/616"}],"wp:attachment":[{"href":"https:\/\/www.drmeunier.be\/fr\/wp-json\/wp\/v2\/media?parent=717"}],"curies":[{"name":"wp","href":"https:\/\/api.w.org\/{rel}","templated":true}]}}